{"id":2503,"date":"2019-12-12T13:22:46","date_gmt":"2019-12-12T12:22:46","guid":{"rendered":"https:\/\/www.terredelmarchesato.com\/vini-e-prodotti\/emilio-primo-rosso\/"},"modified":"2023-05-22T15:38:57","modified_gmt":"2023-05-22T13:38:57","slug":"emilio-primo-rosso","status":"publish","type":"page","link":"https:\/\/www.terredelmarchesato.com\/de\/vini-e-prodotti\/emilio-primo-rosso\/","title":{"rendered":"Emilio Primo Rosso"},"content":{"rendered":"<p>Der erste Wein, der 2003 von der neuen Kellerei Terre del Marchesato hergestellt wurde, tr\u00e4gt seinen Namen nach dem Gro\u00dfvater von Maurizio, der 1954 das Firmengel\u00e4nde in Bolgheri von der Markgr\u00e4fin Incisa della Rocchetta kaufte.<\/p>\n<p>Emilio Primo Rot entspricht der Bolgheri-Tradition in einer &#8220;Melange&#8221; aus kr\u00e4ftigem Cabernet Sauvignon, rundem Merlot, elegantem Syrah und schafft so einen einh\u00fcllenden, ausgewogenen Wein von bemerkenswerter Pers\u00f6nlichkeit.<\/p>\n","protected":false},"excerpt":{"rendered":"<p>Der erste Wein, der 2003 von der neuen Kellerei Terre del Marchesato hergestellt wurde, tr\u00e4gt seinen Namen nach dem Gro\u00dfvater von Maurizio, der 1954 das [&hellip;]<\/p>\n","protected":false},"author":1,"featured_media":330,"parent":2442,"menu_order":25,"comment_status":"closed","ping_status":"closed","template":"tpl-product-info.php","meta":{"_expiration-date-status":"","_expiration-date":0,"_expiration-date-type":"","_expiration-date-categories":[],"_expiration-date-options":[]},"acf":[],"yoast_head":"<!-- This site is optimized with the Yoast SEO plugin v20.2.1 - https:\/\/yoast.com\/wordpress\/plugins\/seo\/ -->\n<title>Emilio Primo Rosso - Terre del Marchesato<\/title>\n<meta name=\"robots\" content=\"index, follow, max-snippet:-1, max-image-preview:large, max-video-preview:-1\" \/>\n<link rel=\"canonical\" href=\"https:\/\/www.terredelmarchesato.com\/de\/vini-e-prodotti\/emilio-primo-rosso\/\" \/>\n<meta property=\"og:locale\" content=\"de_DE\" \/>\n<meta property=\"og:type\" content=\"article\" \/>\n<meta property=\"og:title\" content=\"Emilio Primo Rosso - Terre del Marchesato\" \/>\n<meta property=\"og:description\" content=\"Der erste Wein, der 2003 von der neuen Kellerei Terre del Marchesato hergestellt wurde, tr\u00e4gt seinen Namen nach dem Gro\u00dfvater von Maurizio, der 1954 das [&hellip;]\" \/>\n<meta property=\"og:url\" content=\"https:\/\/www.terredelmarchesato.com\/de\/vini-e-prodotti\/emilio-primo-rosso\/\" \/>\n<meta property=\"og:site_name\" content=\"Terre del Marchesato\" \/>\n<meta property=\"article:publisher\" content=\"https:\/\/www.facebook.com\/terredelmarchesato\/\" \/>\n<meta property=\"article:modified_time\" content=\"2023-05-22T13:38:57+00:00\" \/>\n<meta property=\"og:image\" content=\"https:\/\/www.terredelmarchesato.com\/wp-content\/uploads\/2019\/12\/DSC_8063-copia-scaled.jpg\" \/>\n\t<meta property=\"og:image:width\" content=\"2560\" \/>\n\t<meta property=\"og:image:height\" content=\"1707\" \/>\n\t<meta property=\"og:image:type\" content=\"image\/jpeg\" \/>\n<meta name=\"twitter:card\" content=\"summary_large_image\" \/>\n<meta name=\"twitter:site\" content=\"@TerreMarchesato\" \/>\n<meta name=\"twitter:label1\" content=\"Gesch\u00e4tzte Lesezeit\" \/>\n\t<meta name=\"twitter:data1\" content=\"1 Minute\" \/>\n<script type=\"application\/ld+json\" class=\"yoast-schema-graph\">{\"@context\":\"https:\/\/schema.org\",\"@graph\":[{\"@type\":\"WebPage\",\"@id\":\"https:\/\/www.terredelmarchesato.com\/de\/vini-e-prodotti\/emilio-primo-rosso\/\",\"url\":\"https:\/\/www.terredelmarchesato.com\/de\/vini-e-prodotti\/emilio-primo-rosso\/\",\"name\":\"Emilio Primo Rosso - Terre del Marchesato\",\"isPartOf\":{\"@id\":\"https:\/\/www.terredelmarchesato.com\/#website\"},\"datePublished\":\"2019-12-12T12:22:46+00:00\",\"dateModified\":\"2023-05-22T13:38:57+00:00\",\"breadcrumb\":{\"@id\":\"https:\/\/www.terredelmarchesato.com\/de\/vini-e-prodotti\/emilio-primo-rosso\/#breadcrumb\"},\"inLanguage\":\"de-DE\",\"potentialAction\":[{\"@type\":\"ReadAction\",\"target\":[\"https:\/\/www.terredelmarchesato.com\/de\/vini-e-prodotti\/emilio-primo-rosso\/\"]}]},{\"@type\":\"BreadcrumbList\",\"@id\":\"https:\/\/www.terredelmarchesato.com\/de\/vini-e-prodotti\/emilio-primo-rosso\/#breadcrumb\",\"itemListElement\":[{\"@type\":\"ListItem\",\"position\":1,\"name\":\"Weine und Produkte\",\"item\":\"https:\/\/www.terredelmarchesato.com\/de\/vini-e-prodotti\/\"},{\"@type\":\"ListItem\",\"position\":2,\"name\":\"Emilio Primo Rosso\"}]},{\"@type\":\"WebSite\",\"@id\":\"https:\/\/www.terredelmarchesato.com\/#website\",\"url\":\"https:\/\/www.terredelmarchesato.com\/\",\"name\":\"Terre del Marchesato\",\"description\":\"Famiglia Fuselli - Bolgheri\",\"potentialAction\":[{\"@type\":\"SearchAction\",\"target\":{\"@type\":\"EntryPoint\",\"urlTemplate\":\"https:\/\/www.terredelmarchesato.com\/?s={search_term_string}\"},\"query-input\":\"required name=search_term_string\"}],\"inLanguage\":\"de-DE\"}]}<\/script>\n<!-- \/ Yoast SEO plugin. -->","yoast_head_json":{"title":"Emilio Primo Rosso - Terre del Marchesato","robots":{"index":"index","follow":"follow","max-snippet":"max-snippet:-1","max-image-preview":"max-image-preview:large","max-video-preview":"max-video-preview:-1"},"canonical":"https:\/\/www.terredelmarchesato.com\/de\/vini-e-prodotti\/emilio-primo-rosso\/","og_locale":"de_DE","og_type":"article","og_title":"Emilio Primo Rosso - Terre del Marchesato","og_description":"Der erste Wein, der 2003 von der neuen Kellerei Terre del Marchesato hergestellt wurde, tr\u00e4gt seinen Namen nach dem Gro\u00dfvater von Maurizio, der 1954 das [&hellip;]","og_url":"https:\/\/www.terredelmarchesato.com\/de\/vini-e-prodotti\/emilio-primo-rosso\/","og_site_name":"Terre del Marchesato","article_publisher":"https:\/\/www.facebook.com\/terredelmarchesato\/","article_modified_time":"2023-05-22T13:38:57+00:00","og_image":[{"width":"2560","height":"1707","url":"https:\/\/www.terredelmarchesato.com\/wp-content\/uploads\/2019\/12\/DSC_8063-copia-scaled.jpg","type":"image\/jpeg"}],"twitter_card":"summary_large_image","twitter_site":"@TerreMarchesato","twitter_misc":{"Gesch\u00e4tzte Lesezeit":"1 Minute"},"schema":{"@context":"https:\/\/schema.org","@graph":[{"@type":"WebPage","@id":"https:\/\/www.terredelmarchesato.com\/de\/vini-e-prodotti\/emilio-primo-rosso\/","url":"https:\/\/www.terredelmarchesato.com\/de\/vini-e-prodotti\/emilio-primo-rosso\/","name":"Emilio Primo Rosso - Terre del Marchesato","isPartOf":{"@id":"https:\/\/www.terredelmarchesato.com\/#website"},"datePublished":"2019-12-12T12:22:46+00:00","dateModified":"2023-05-22T13:38:57+00:00","breadcrumb":{"@id":"https:\/\/www.terredelmarchesato.com\/de\/vini-e-prodotti\/emilio-primo-rosso\/#breadcrumb"},"inLanguage":"de-DE","potentialAction":[{"@type":"ReadAction","target":["https:\/\/www.terredelmarchesato.com\/de\/vini-e-prodotti\/emilio-primo-rosso\/"]}]},{"@type":"BreadcrumbList","@id":"https:\/\/www.terredelmarchesato.com\/de\/vini-e-prodotti\/emilio-primo-rosso\/#breadcrumb","itemListElement":[{"@type":"ListItem","position":1,"name":"Weine und Produkte","item":"https:\/\/www.terredelmarchesato.com\/de\/vini-e-prodotti\/"},{"@type":"ListItem","position":2,"name":"Emilio Primo Rosso"}]},{"@type":"WebSite","@id":"https:\/\/www.terredelmarchesato.com\/#website","url":"https:\/\/www.terredelmarchesato.com\/","name":"Terre del Marchesato","description":"Famiglia Fuselli - Bolgheri","potentialAction":[{"@type":"SearchAction","target":{"@type":"EntryPoint","urlTemplate":"https:\/\/www.terredelmarchesato.com\/?s={search_term_string}"},"query-input":"required name=search_term_string"}],"inLanguage":"de-DE"}]}},"_links":{"self":[{"href":"https:\/\/www.terredelmarchesato.com\/de\/wp-json\/wp\/v2\/pages\/2503"}],"collection":[{"href":"https:\/\/www.terredelmarchesato.com\/de\/wp-json\/wp\/v2\/pages"}],"about":[{"href":"https:\/\/www.terredelmarchesato.com\/de\/wp-json\/wp\/v2\/types\/page"}],"author":[{"embeddable":true,"href":"https:\/\/www.terredelmarchesato.com\/de\/wp-json\/wp\/v2\/users\/1"}],"replies":[{"embeddable":true,"href":"https:\/\/www.terredelmarchesato.com\/de\/wp-json\/wp\/v2\/comments?post=2503"}],"version-history":[{"count":8,"href":"https:\/\/www.terredelmarchesato.com\/de\/wp-json\/wp\/v2\/pages\/2503\/revisions"}],"predecessor-version":[{"id":8152,"href":"https:\/\/www.terredelmarchesato.com\/de\/wp-json\/wp\/v2\/pages\/2503\/revisions\/8152"}],"up":[{"embeddable":true,"href":"https:\/\/www.terredelmarchesato.com\/de\/wp-json\/wp\/v2\/pages\/2442"}],"wp:featuredmedia":[{"embeddable":true,"href":"https:\/\/www.terredelmarchesato.com\/de\/wp-json\/wp\/v2\/media\/330"}],"wp:attachment":[{"href":"https:\/\/www.terredelmarchesato.com\/de\/wp-json\/wp\/v2\/media?parent=2503"}],"curies":[{"name":"wp","href":"https:\/\/api.w.org\/{rel}","templated":true}]}}