{"id":2545,"date":"2019-12-12T13:26:23","date_gmt":"2019-12-12T12:26:23","guid":{"rendered":"https:\/\/www.terredelmarchesato.com\/vini-e-prodotti\/brandy\/"},"modified":"2025-06-06T10:55:41","modified_gmt":"2025-06-06T08:55:41","slug":"brandy","status":"publish","type":"page","link":"https:\/\/www.terredelmarchesato.com\/de\/vini-e-prodotti\/brandy\/","title":{"rendered":"Brandy"},"content":{"rendered":"<p>Einzigartiger Brandy von Bolgheri<br \/>\nEine gro\u00dfe Leidenschaft von Maurizio Fuselli, der Jahr f\u00fcr Jahr seine Weine zu einem Produkt von gro\u00dfem Wert mischt.<\/p>\n<p>Dieser elegante und ausgewogene Branntwein wird durch die fachkundige handwerkliche Arbeit des Brennmeisters der Firma Nannoni hergestellt und 10 Jahre lang in Eichenf\u00e4ssern gereift.<\/p>\n","protected":false},"excerpt":{"rendered":"<p>Einzigartiger Brandy von Bolgheri Eine gro\u00dfe Leidenschaft von Maurizio Fuselli, der Jahr f\u00fcr Jahr seine Weine zu einem Produkt von gro\u00dfem Wert mischt. Dieser elegante [&hellip;]<\/p>\n","protected":false},"author":1,"featured_media":342,"parent":2442,"menu_order":55,"comment_status":"closed","ping_status":"closed","template":"tpl-product-info.php","meta":{"_expiration-date-status":"","_expiration-date":0,"_expiration-date-type":"","_expiration-date-categories":[],"_expiration-date-options":[]},"acf":[],"yoast_head":"<!-- This site is optimized with the Yoast SEO plugin v20.2.1 - https:\/\/yoast.com\/wordpress\/plugins\/seo\/ -->\n<title>Brandy - Terre del Marchesato<\/title>\n<meta name=\"robots\" content=\"index, follow, max-snippet:-1, max-image-preview:large, max-video-preview:-1\" \/>\n<link rel=\"canonical\" href=\"https:\/\/www.terredelmarchesato.com\/de\/vini-e-prodotti\/brandy\/\" \/>\n<meta property=\"og:locale\" content=\"de_DE\" \/>\n<meta property=\"og:type\" content=\"article\" \/>\n<meta property=\"og:title\" content=\"Brandy - Terre del Marchesato\" \/>\n<meta property=\"og:description\" content=\"Einzigartiger Brandy von Bolgheri Eine gro\u00dfe Leidenschaft von Maurizio Fuselli, der Jahr f\u00fcr Jahr seine Weine zu einem Produkt von gro\u00dfem Wert mischt. Dieser elegante [&hellip;]\" \/>\n<meta property=\"og:url\" content=\"https:\/\/www.terredelmarchesato.com\/de\/vini-e-prodotti\/brandy\/\" \/>\n<meta property=\"og:site_name\" content=\"Terre del Marchesato\" \/>\n<meta property=\"article:publisher\" content=\"https:\/\/www.facebook.com\/terredelmarchesato\/\" \/>\n<meta property=\"article:modified_time\" content=\"2025-06-06T08:55:41+00:00\" \/>\n<meta property=\"og:image\" content=\"https:\/\/www.terredelmarchesato.com\/wp-content\/uploads\/2019\/12\/DSC_8103-copia-scaled.jpg\" \/>\n\t<meta property=\"og:image:width\" content=\"2560\" \/>\n\t<meta property=\"og:image:height\" content=\"1707\" \/>\n\t<meta property=\"og:image:type\" content=\"image\/jpeg\" \/>\n<meta name=\"twitter:card\" content=\"summary_large_image\" \/>\n<meta name=\"twitter:site\" content=\"@TerreMarchesato\" \/>\n<meta name=\"twitter:label1\" content=\"Gesch\u00e4tzte Lesezeit\" \/>\n\t<meta name=\"twitter:data1\" content=\"1 Minute\" \/>\n<script type=\"application\/ld+json\" class=\"yoast-schema-graph\">{\"@context\":\"https:\/\/schema.org\",\"@graph\":[{\"@type\":\"WebPage\",\"@id\":\"https:\/\/www.terredelmarchesato.com\/de\/vini-e-prodotti\/brandy\/\",\"url\":\"https:\/\/www.terredelmarchesato.com\/de\/vini-e-prodotti\/brandy\/\",\"name\":\"Brandy - Terre del Marchesato\",\"isPartOf\":{\"@id\":\"https:\/\/www.terredelmarchesato.com\/#website\"},\"datePublished\":\"2019-12-12T12:26:23+00:00\",\"dateModified\":\"2025-06-06T08:55:41+00:00\",\"breadcrumb\":{\"@id\":\"https:\/\/www.terredelmarchesato.com\/de\/vini-e-prodotti\/brandy\/#breadcrumb\"},\"inLanguage\":\"de-DE\",\"potentialAction\":[{\"@type\":\"ReadAction\",\"target\":[\"https:\/\/www.terredelmarchesato.com\/de\/vini-e-prodotti\/brandy\/\"]}]},{\"@type\":\"BreadcrumbList\",\"@id\":\"https:\/\/www.terredelmarchesato.com\/de\/vini-e-prodotti\/brandy\/#breadcrumb\",\"itemListElement\":[{\"@type\":\"ListItem\",\"position\":1,\"name\":\"Weine und Produkte\",\"item\":\"https:\/\/www.terredelmarchesato.com\/de\/vini-e-prodotti\/\"},{\"@type\":\"ListItem\",\"position\":2,\"name\":\"Brandy\"}]},{\"@type\":\"WebSite\",\"@id\":\"https:\/\/www.terredelmarchesato.com\/#website\",\"url\":\"https:\/\/www.terredelmarchesato.com\/\",\"name\":\"Terre del Marchesato\",\"description\":\"Famiglia Fuselli - Bolgheri\",\"potentialAction\":[{\"@type\":\"SearchAction\",\"target\":{\"@type\":\"EntryPoint\",\"urlTemplate\":\"https:\/\/www.terredelmarchesato.com\/?s={search_term_string}\"},\"query-input\":\"required name=search_term_string\"}],\"inLanguage\":\"de-DE\"}]}<\/script>\n<!-- \/ Yoast SEO plugin. -->","yoast_head_json":{"title":"Brandy - Terre del Marchesato","robots":{"index":"index","follow":"follow","max-snippet":"max-snippet:-1","max-image-preview":"max-image-preview:large","max-video-preview":"max-video-preview:-1"},"canonical":"https:\/\/www.terredelmarchesato.com\/de\/vini-e-prodotti\/brandy\/","og_locale":"de_DE","og_type":"article","og_title":"Brandy - Terre del Marchesato","og_description":"Einzigartiger Brandy von Bolgheri Eine gro\u00dfe Leidenschaft von Maurizio Fuselli, der Jahr f\u00fcr Jahr seine Weine zu einem Produkt von gro\u00dfem Wert mischt. Dieser elegante [&hellip;]","og_url":"https:\/\/www.terredelmarchesato.com\/de\/vini-e-prodotti\/brandy\/","og_site_name":"Terre del Marchesato","article_publisher":"https:\/\/www.facebook.com\/terredelmarchesato\/","article_modified_time":"2025-06-06T08:55:41+00:00","og_image":[{"width":"2560","height":"1707","url":"https:\/\/www.terredelmarchesato.com\/wp-content\/uploads\/2019\/12\/DSC_8103-copia-scaled.jpg","type":"image\/jpeg"}],"twitter_card":"summary_large_image","twitter_site":"@TerreMarchesato","twitter_misc":{"Gesch\u00e4tzte Lesezeit":"1 Minute"},"schema":{"@context":"https:\/\/schema.org","@graph":[{"@type":"WebPage","@id":"https:\/\/www.terredelmarchesato.com\/de\/vini-e-prodotti\/brandy\/","url":"https:\/\/www.terredelmarchesato.com\/de\/vini-e-prodotti\/brandy\/","name":"Brandy - Terre del Marchesato","isPartOf":{"@id":"https:\/\/www.terredelmarchesato.com\/#website"},"datePublished":"2019-12-12T12:26:23+00:00","dateModified":"2025-06-06T08:55:41+00:00","breadcrumb":{"@id":"https:\/\/www.terredelmarchesato.com\/de\/vini-e-prodotti\/brandy\/#breadcrumb"},"inLanguage":"de-DE","potentialAction":[{"@type":"ReadAction","target":["https:\/\/www.terredelmarchesato.com\/de\/vini-e-prodotti\/brandy\/"]}]},{"@type":"BreadcrumbList","@id":"https:\/\/www.terredelmarchesato.com\/de\/vini-e-prodotti\/brandy\/#breadcrumb","itemListElement":[{"@type":"ListItem","position":1,"name":"Weine und Produkte","item":"https:\/\/www.terredelmarchesato.com\/de\/vini-e-prodotti\/"},{"@type":"ListItem","position":2,"name":"Brandy"}]},{"@type":"WebSite","@id":"https:\/\/www.terredelmarchesato.com\/#website","url":"https:\/\/www.terredelmarchesato.com\/","name":"Terre del Marchesato","description":"Famiglia Fuselli - Bolgheri","potentialAction":[{"@type":"SearchAction","target":{"@type":"EntryPoint","urlTemplate":"https:\/\/www.terredelmarchesato.com\/?s={search_term_string}"},"query-input":"required name=search_term_string"}],"inLanguage":"de-DE"}]}},"_links":{"self":[{"href":"https:\/\/www.terredelmarchesato.com\/de\/wp-json\/wp\/v2\/pages\/2545"}],"collection":[{"href":"https:\/\/www.terredelmarchesato.com\/de\/wp-json\/wp\/v2\/pages"}],"about":[{"href":"https:\/\/www.terredelmarchesato.com\/de\/wp-json\/wp\/v2\/types\/page"}],"author":[{"embeddable":true,"href":"https:\/\/www.terredelmarchesato.com\/de\/wp-json\/wp\/v2\/users\/1"}],"replies":[{"embeddable":true,"href":"https:\/\/www.terredelmarchesato.com\/de\/wp-json\/wp\/v2\/comments?post=2545"}],"version-history":[{"count":7,"href":"https:\/\/www.terredelmarchesato.com\/de\/wp-json\/wp\/v2\/pages\/2545\/revisions"}],"predecessor-version":[{"id":11729,"href":"https:\/\/www.terredelmarchesato.com\/de\/wp-json\/wp\/v2\/pages\/2545\/revisions\/11729"}],"up":[{"embeddable":true,"href":"https:\/\/www.terredelmarchesato.com\/de\/wp-json\/wp\/v2\/pages\/2442"}],"wp:featuredmedia":[{"embeddable":true,"href":"https:\/\/www.terredelmarchesato.com\/de\/wp-json\/wp\/v2\/media\/342"}],"wp:attachment":[{"href":"https:\/\/www.terredelmarchesato.com\/de\/wp-json\/wp\/v2\/media?parent=2545"}],"curies":[{"name":"wp","href":"https:\/\/api.w.org\/{rel}","templated":true}]}}