{"id":3221,"date":"2019-12-12T13:26:46","date_gmt":"2019-12-12T12:26:46","guid":{"rendered":"https:\/\/www.terredelmarchesato.com\/?page_id=3221"},"modified":"2022-10-12T10:29:18","modified_gmt":"2022-10-12T08:29:18","slug":"natives-olivenoel-extra","status":"publish","type":"page","link":"https:\/\/www.terredelmarchesato.com\/de\/vini-e-prodotti\/natives-olivenoel-extra\/","title":{"rendered":"Natives Oliven\u00f6l extra"},"content":{"rendered":"<p><strong>Natives Oliven\u00f6l Extra aus Oliven<\/strong>, die auf dem Familiengut geerntet wurden: <strong>Agriturismo le Vallette<\/strong>.<\/p>\n<p>Der Olivenhain, der das Bauernhaus umgibt, besteht aus zwei Hektar Land, auf denen die Sorten <strong>Frantoio<\/strong> und <strong>Leccino<\/strong> vorkommen. Die Oliven, die traditionell zwischen Mitte November und Anfang Dezember von Hand geerntet werden, sind dank unseres g\u00fcnstigen Klimas reich an Polyphenolen und erhalten so ein charakteristisches toskanisches \u00d6l, das f\u00fcr alle Ern\u00e4hrungsregime geeignet ist.<\/p>\n","protected":false},"excerpt":{"rendered":"<p>Natives Oliven\u00f6l Extra aus Oliven, die auf dem Familiengut geerntet wurden: Agriturismo le Vallette. Der Olivenhain, der das Bauernhaus umgibt, besteht aus zwei Hektar Land, [&hellip;]<\/p>\n","protected":false},"author":1,"featured_media":338,"parent":2442,"menu_order":60,"comment_status":"closed","ping_status":"closed","template":"tpl-product-info.php","meta":{"_expiration-date-status":"","_expiration-date":0,"_expiration-date-type":"","_expiration-date-categories":[],"_expiration-date-options":[]},"acf":[],"yoast_head":"<!-- This site is optimized with the Yoast SEO plugin v20.2.1 - https:\/\/yoast.com\/wordpress\/plugins\/seo\/ -->\n<title>Natives Oliven\u00f6l extra - Terre del Marchesato<\/title>\n<meta name=\"robots\" content=\"index, follow, max-snippet:-1, max-image-preview:large, max-video-preview:-1\" \/>\n<link rel=\"canonical\" href=\"https:\/\/www.terredelmarchesato.com\/de\/vini-e-prodotti\/natives-olivenoel-extra\/\" \/>\n<meta property=\"og:locale\" content=\"de_DE\" \/>\n<meta property=\"og:type\" content=\"article\" \/>\n<meta property=\"og:title\" content=\"Natives Oliven\u00f6l extra - Terre del Marchesato\" \/>\n<meta property=\"og:description\" content=\"Natives Oliven\u00f6l Extra aus Oliven, die auf dem Familiengut geerntet wurden: Agriturismo le Vallette. Der Olivenhain, der das Bauernhaus umgibt, besteht aus zwei Hektar Land, [&hellip;]\" \/>\n<meta property=\"og:url\" content=\"https:\/\/www.terredelmarchesato.com\/de\/vini-e-prodotti\/natives-olivenoel-extra\/\" \/>\n<meta property=\"og:site_name\" content=\"Terre del Marchesato\" \/>\n<meta property=\"article:publisher\" content=\"https:\/\/www.facebook.com\/terredelmarchesato\/\" \/>\n<meta property=\"article:modified_time\" content=\"2022-10-12T08:29:18+00:00\" \/>\n<meta property=\"og:image\" content=\"https:\/\/www.terredelmarchesato.com\/wp-content\/uploads\/2019\/12\/DSC_8130-copia-scaled.jpg\" \/>\n\t<meta property=\"og:image:width\" content=\"2560\" \/>\n\t<meta property=\"og:image:height\" content=\"1707\" \/>\n\t<meta property=\"og:image:type\" content=\"image\/jpeg\" \/>\n<meta name=\"twitter:card\" content=\"summary_large_image\" \/>\n<meta name=\"twitter:site\" content=\"@TerreMarchesato\" \/>\n<script type=\"application\/ld+json\" class=\"yoast-schema-graph\">{\"@context\":\"https:\/\/schema.org\",\"@graph\":[{\"@type\":\"WebPage\",\"@id\":\"https:\/\/www.terredelmarchesato.com\/de\/vini-e-prodotti\/natives-olivenoel-extra\/\",\"url\":\"https:\/\/www.terredelmarchesato.com\/de\/vini-e-prodotti\/natives-olivenoel-extra\/\",\"name\":\"Natives Oliven\u00f6l extra - Terre del Marchesato\",\"isPartOf\":{\"@id\":\"https:\/\/www.terredelmarchesato.com\/#website\"},\"datePublished\":\"2019-12-12T12:26:46+00:00\",\"dateModified\":\"2022-10-12T08:29:18+00:00\",\"breadcrumb\":{\"@id\":\"https:\/\/www.terredelmarchesato.com\/de\/vini-e-prodotti\/natives-olivenoel-extra\/#breadcrumb\"},\"inLanguage\":\"de-DE\",\"potentialAction\":[{\"@type\":\"ReadAction\",\"target\":[\"https:\/\/www.terredelmarchesato.com\/de\/vini-e-prodotti\/natives-olivenoel-extra\/\"]}]},{\"@type\":\"BreadcrumbList\",\"@id\":\"https:\/\/www.terredelmarchesato.com\/de\/vini-e-prodotti\/natives-olivenoel-extra\/#breadcrumb\",\"itemListElement\":[{\"@type\":\"ListItem\",\"position\":1,\"name\":\"Weine und Produkte\",\"item\":\"https:\/\/www.terredelmarchesato.com\/de\/vini-e-prodotti\/\"},{\"@type\":\"ListItem\",\"position\":2,\"name\":\"Natives Oliven\u00f6l extra\"}]},{\"@type\":\"WebSite\",\"@id\":\"https:\/\/www.terredelmarchesato.com\/#website\",\"url\":\"https:\/\/www.terredelmarchesato.com\/\",\"name\":\"Terre del Marchesato\",\"description\":\"Famiglia Fuselli - Bolgheri\",\"potentialAction\":[{\"@type\":\"SearchAction\",\"target\":{\"@type\":\"EntryPoint\",\"urlTemplate\":\"https:\/\/www.terredelmarchesato.com\/?s={search_term_string}\"},\"query-input\":\"required name=search_term_string\"}],\"inLanguage\":\"de-DE\"}]}<\/script>\n<!-- \/ Yoast SEO plugin. -->","yoast_head_json":{"title":"Natives Oliven\u00f6l extra - Terre del Marchesato","robots":{"index":"index","follow":"follow","max-snippet":"max-snippet:-1","max-image-preview":"max-image-preview:large","max-video-preview":"max-video-preview:-1"},"canonical":"https:\/\/www.terredelmarchesato.com\/de\/vini-e-prodotti\/natives-olivenoel-extra\/","og_locale":"de_DE","og_type":"article","og_title":"Natives Oliven\u00f6l extra - Terre del Marchesato","og_description":"Natives Oliven\u00f6l Extra aus Oliven, die auf dem Familiengut geerntet wurden: Agriturismo le Vallette. Der Olivenhain, der das Bauernhaus umgibt, besteht aus zwei Hektar Land, [&hellip;]","og_url":"https:\/\/www.terredelmarchesato.com\/de\/vini-e-prodotti\/natives-olivenoel-extra\/","og_site_name":"Terre del Marchesato","article_publisher":"https:\/\/www.facebook.com\/terredelmarchesato\/","article_modified_time":"2022-10-12T08:29:18+00:00","og_image":[{"width":"2560","height":"1707","url":"https:\/\/www.terredelmarchesato.com\/wp-content\/uploads\/2019\/12\/DSC_8130-copia-scaled.jpg","type":"image\/jpeg"}],"twitter_card":"summary_large_image","twitter_site":"@TerreMarchesato","schema":{"@context":"https:\/\/schema.org","@graph":[{"@type":"WebPage","@id":"https:\/\/www.terredelmarchesato.com\/de\/vini-e-prodotti\/natives-olivenoel-extra\/","url":"https:\/\/www.terredelmarchesato.com\/de\/vini-e-prodotti\/natives-olivenoel-extra\/","name":"Natives Oliven\u00f6l extra - Terre del Marchesato","isPartOf":{"@id":"https:\/\/www.terredelmarchesato.com\/#website"},"datePublished":"2019-12-12T12:26:46+00:00","dateModified":"2022-10-12T08:29:18+00:00","breadcrumb":{"@id":"https:\/\/www.terredelmarchesato.com\/de\/vini-e-prodotti\/natives-olivenoel-extra\/#breadcrumb"},"inLanguage":"de-DE","potentialAction":[{"@type":"ReadAction","target":["https:\/\/www.terredelmarchesato.com\/de\/vini-e-prodotti\/natives-olivenoel-extra\/"]}]},{"@type":"BreadcrumbList","@id":"https:\/\/www.terredelmarchesato.com\/de\/vini-e-prodotti\/natives-olivenoel-extra\/#breadcrumb","itemListElement":[{"@type":"ListItem","position":1,"name":"Weine und Produkte","item":"https:\/\/www.terredelmarchesato.com\/de\/vini-e-prodotti\/"},{"@type":"ListItem","position":2,"name":"Natives Oliven\u00f6l extra"}]},{"@type":"WebSite","@id":"https:\/\/www.terredelmarchesato.com\/#website","url":"https:\/\/www.terredelmarchesato.com\/","name":"Terre del Marchesato","description":"Famiglia Fuselli - Bolgheri","potentialAction":[{"@type":"SearchAction","target":{"@type":"EntryPoint","urlTemplate":"https:\/\/www.terredelmarchesato.com\/?s={search_term_string}"},"query-input":"required name=search_term_string"}],"inLanguage":"de-DE"}]}},"_links":{"self":[{"href":"https:\/\/www.terredelmarchesato.com\/de\/wp-json\/wp\/v2\/pages\/3221"}],"collection":[{"href":"https:\/\/www.terredelmarchesato.com\/de\/wp-json\/wp\/v2\/pages"}],"about":[{"href":"https:\/\/www.terredelmarchesato.com\/de\/wp-json\/wp\/v2\/types\/page"}],"author":[{"embeddable":true,"href":"https:\/\/www.terredelmarchesato.com\/de\/wp-json\/wp\/v2\/users\/1"}],"replies":[{"embeddable":true,"href":"https:\/\/www.terredelmarchesato.com\/de\/wp-json\/wp\/v2\/comments?post=3221"}],"version-history":[{"count":4,"href":"https:\/\/www.terredelmarchesato.com\/de\/wp-json\/wp\/v2\/pages\/3221\/revisions"}],"predecessor-version":[{"id":7425,"href":"https:\/\/www.terredelmarchesato.com\/de\/wp-json\/wp\/v2\/pages\/3221\/revisions\/7425"}],"up":[{"embeddable":true,"href":"https:\/\/www.terredelmarchesato.com\/de\/wp-json\/wp\/v2\/pages\/2442"}],"wp:featuredmedia":[{"embeddable":true,"href":"https:\/\/www.terredelmarchesato.com\/de\/wp-json\/wp\/v2\/media\/338"}],"wp:attachment":[{"href":"https:\/\/www.terredelmarchesato.com\/de\/wp-json\/wp\/v2\/media?parent=3221"}],"curies":[{"name":"wp","href":"https:\/\/api.w.org\/{rel}","templated":true}]}}